{"id":171,"date":"2022-11-22T14:25:55","date_gmt":"2022-11-22T12:25:55","guid":{"rendered":"https:\/\/satakunnanmessut.fi\/rekrymessut-marraskuu\/?page_id=171"},"modified":"2025-11-19T19:23:05","modified_gmt":"2025-11-19T17:23:05","slug":"messurakentajat","status":"publish","type":"page","link":"https:\/\/satakunnanmessut.fi\/rekrymessut-marraskuu-2026\/messurakentajat\/","title":{"rendered":"Messurakentajat"},"content":{"rendered":"\t\t<div data-elementor-type=\"wp-page\" data-elementor-id=\"171\" class=\"elementor elementor-171\" data-elementor-post-type=\"page\">\n\t\t\t\t\t\t<section class=\"elementor-section elementor-top-section elementor-element elementor-element-14486f92 elementor-section-boxed elementor-section-height-default elementor-section-height-default elementor-invisible\" data-id=\"14486f92\" data-element_type=\"section\" data-e-type=\"section\" data-settings=\"{&quot;animation&quot;:&quot;fadeIn&quot;}\">\n\t\t\t\t\t\t<div class=\"elementor-container elementor-column-gap-default\">\n\t\t\t\t\t<div class=\"elementor-column elementor-col-100 elementor-top-column elementor-element elementor-element-494fe822\" data-id=\"494fe822\" data-element_type=\"column\" data-e-type=\"column\">\n\t\t\t<div class=\"elementor-widget-wrap elementor-element-populated\">\n\t\t\t\t\t\t<div class=\"elementor-element elementor-element-3e992ac7 elementor-widget elementor-widget-heading\" data-id=\"3e992ac7\" data-element_type=\"widget\" data-e-type=\"widget\" data-widget_type=\"heading.default\">\n\t\t\t\t<div class=\"elementor-widget-container\">\n\t\t\t\t\t<h1 class=\"elementor-heading-title elementor-size-default\">ohjeita messurakentamiseen<\/h1>\t\t\t\t<\/div>\n\t\t\t\t<\/div>\n\t\t\t\t<div class=\"elementor-element elementor-element-1513780e elementor-widget elementor-widget-heading\" data-id=\"1513780e\" data-element_type=\"widget\" data-e-type=\"widget\" data-widget_type=\"heading.default\">\n\t\t\t\t<div class=\"elementor-widget-container\">\n\t\t\t\t\t<h2 class=\"elementor-heading-title elementor-size-default\">messutoimisto palvelee<\/h2>\t\t\t\t<\/div>\n\t\t\t\t<\/div>\n\t\t\t\t<div class=\"elementor-element elementor-element-2d0d95ef elementor-widget elementor-widget-text-editor\" data-id=\"2d0d95ef\" data-element_type=\"widget\" data-e-type=\"widget\" data-widget_type=\"text-editor.default\">\n\t\t\t\t<div class=\"elementor-widget-container\">\n\t\t\t\t\t\t\t\t\t<p>Henkil\u00f6kuntamme avustaa n\u00e4ytteilleasettajia kaikissa messuihin liittyviss\u00e4 asioissa. Satakunnan Rekrymessuilla messutoimisto sijaitsee sis\u00e4\u00e4nk\u00e4ynniss\u00e4.<\/p>\n<p><b>JANI HAANP\u00c4\u00c4<\/b><br>Myyntijohtaja <br>045 677 8417<br>jani.haanpaa@satakunnanviikko.fi<\/p>\n<p><span style=\"font-weight: bold;\">EMILIA HAANP\u00c4\u00c4<\/span><br>Myyntineuvottelija<br>041 318 3589<br>emilia.haanpaa@satakunnanviikko.fi<\/p>\t\t\t\t\t\t\t\t<\/div>\n\t\t\t\t<\/div>\n\t\t\t\t<div class=\"elementor-element elementor-element-32fc9e1f elementor-widget elementor-widget-heading\" data-id=\"32fc9e1f\" data-element_type=\"widget\" data-e-type=\"widget\" data-widget_type=\"heading.default\">\n\t\t\t\t<div class=\"elementor-widget-container\">\n\t\t\t\t\t<h2 class=\"elementor-heading-title elementor-size-default\">TEE TILAUKSET AJOISSA<\/h2>\t\t\t\t<\/div>\n\t\t\t\t<\/div>\n\t\t\t\t<div class=\"elementor-element elementor-element-155bd0ec elementor-widget elementor-widget-text-editor\" data-id=\"155bd0ec\" data-element_type=\"widget\" data-e-type=\"widget\" data-widget_type=\"text-editor.default\">\n\t\t\t\t<div class=\"elementor-widget-container\">\n\t\t\t\t\t\t\t\t\t<p>Tarkistattehan hyviss\u00e4 ajoin, ett\u00e4 kaikki tarpeellinen &#8211; esim. p\u00f6yd\u00e4t, s\u00e4hk\u00f6t ja tuolit on tilattu osastollenne ennakkoon 4.11.2026 menness\u00e4.\u00a0<\/p>\t\t\t\t\t\t\t\t<\/div>\n\t\t\t\t<\/div>\n\t\t\t\t<div class=\"elementor-element elementor-element-20ad15bd elementor-widget elementor-widget-heading\" data-id=\"20ad15bd\" data-element_type=\"widget\" data-e-type=\"widget\" data-widget_type=\"heading.default\">\n\t\t\t\t<div class=\"elementor-widget-container\">\n\t\t\t\t\t<h2 class=\"elementor-heading-title elementor-size-default\">Rakentaminen<\/h2>\t\t\t\t<\/div>\n\t\t\t\t<\/div>\n\t\t\t\t<div class=\"elementor-element elementor-element-1c9e2cbd elementor-widget elementor-widget-text-editor\" data-id=\"1c9e2cbd\" data-element_type=\"widget\" data-e-type=\"widget\" data-widget_type=\"text-editor.default\">\n\t\t\t\t<div class=\"elementor-widget-container\">\n\t\t\t\t\t\t\t\t\t<p>Osastojen rakentaminen on sallittu KE 11.11. klo 9-10.30. Huomioittehan, ett\u00e4 rakentamisen aloittaminen on sallittua vasta, kun koko paikkavuokran maksu on suoritettu.<\/p>\t\t\t\t\t\t\t\t<\/div>\n\t\t\t\t<\/div>\n\t\t\t\t<div class=\"elementor-element elementor-element-25007a2d elementor-widget elementor-widget-heading\" data-id=\"25007a2d\" data-element_type=\"widget\" data-e-type=\"widget\" data-widget_type=\"heading.default\">\n\t\t\t\t<div class=\"elementor-widget-container\">\n\t\t\t\t\t<h2 class=\"elementor-heading-title elementor-size-default\">PURKAMINEN<\/h2>\t\t\t\t<\/div>\n\t\t\t\t<\/div>\n\t\t\t\t<div class=\"elementor-element elementor-element-5c5e6c9c elementor-widget elementor-widget-text-editor\" data-id=\"5c5e6c9c\" data-element_type=\"widget\" data-e-type=\"widget\" data-widget_type=\"text-editor.default\">\n\t\t\t\t<div class=\"elementor-widget-container\">\n\t\t\t\t\t\t\t\t\t<p>Osastojen purkamisen saa aloittaa vasta messujen p\u00e4\u00e4tytty\u00e4 klo 15. Purkuaika on KE 11.11. klo 15-16. Huomioittehan, k\u00e4yt\u00e4ville ei siirrett\u00e4isi tavaroita muun liikenteen esteeksi. Kaikki rakenteet ja tavarat on poistettava messupaikalta purkuajan p\u00e4\u00e4ttymiseen menness\u00e4.<\/p>\t\t\t\t\t\t\t\t<\/div>\n\t\t\t\t<\/div>\n\t\t\t\t<div class=\"elementor-element elementor-element-37d39cbd elementor-widget elementor-widget-heading\" data-id=\"37d39cbd\" data-element_type=\"widget\" data-e-type=\"widget\" data-widget_type=\"heading.default\">\n\t\t\t\t<div class=\"elementor-widget-container\">\n\t\t\t\t\t<h2 class=\"elementor-heading-title elementor-size-default\">MESSUKORTIT, KULKULUVAT JA ASIAKASKUTSUT<\/h2>\t\t\t\t<\/div>\n\t\t\t\t<\/div>\n\t\t\t\t<div class=\"elementor-element elementor-element-492a31e0 elementor-widget elementor-widget-text-editor\" data-id=\"492a31e0\" data-element_type=\"widget\" data-e-type=\"widget\" data-widget_type=\"text-editor.default\">\n\t\t\t\t<div class=\"elementor-widget-container\">\n\t\t\t\t\t\t\t\t\t<p>N\u00e4ytteilleasettajakortit toimivat osastohenkil\u00f6kunnan kulkulupina rakennus-, messu- ja purkuaikoina. Kortti on pidett\u00e4v\u00e4 n\u00e4kyvill\u00e4 messualueella liikuttaessa. Muista tilata kortit ja palauttaa ne messujen j\u00e4lkeen sis\u00e4\u00e4nk\u00e4yntiin.<\/p>\n<p>Pys\u00e4k\u00f6ith\u00e4n ainoastaan merkityille parkkipaikoille. Aluetta valvoo Porin kaupungin pys\u00e4k\u00f6inninvalvontatoimisto. Messujen<br>ajaksi toivomme pys\u00e4k\u00f6inti\u00e4 alueen ulkopuolelle.<\/p>\t\t\t\t\t\t\t\t<\/div>\n\t\t\t\t<\/div>\n\t\t\t\t<div class=\"elementor-element elementor-element-2183bada elementor-widget elementor-widget-heading\" data-id=\"2183bada\" data-element_type=\"widget\" data-e-type=\"widget\" data-widget_type=\"heading.default\">\n\t\t\t\t<div class=\"elementor-widget-container\">\n\t\t\t\t\t<h2 class=\"elementor-heading-title elementor-size-default\">VERKKOYHTEYDET<\/h2>\t\t\t\t<\/div>\n\t\t\t\t<\/div>\n\t\t\t\t<div class=\"elementor-element elementor-element-589680b3 elementor-widget elementor-widget-text-editor\" data-id=\"589680b3\" data-element_type=\"widget\" data-e-type=\"widget\" data-widget_type=\"text-editor.default\">\n\t\t\t\t<div class=\"elementor-widget-container\">\n\t\t\t\t\t\t\t\t\t<p>Messualueella toimii langaton wifi-verkko, johon jaetaan salasana saapuessanne tapahtumaan.<\/p>\t\t\t\t\t\t\t\t<\/div>\n\t\t\t\t<\/div>\n\t\t\t\t<div class=\"elementor-element elementor-element-4da2da6b elementor-widget elementor-widget-heading\" data-id=\"4da2da6b\" data-element_type=\"widget\" data-e-type=\"widget\" data-widget_type=\"heading.default\">\n\t\t\t\t<div class=\"elementor-widget-container\">\n\t\t\t\t\t<h2 class=\"elementor-heading-title elementor-size-default\">MEDIAPALVELUT JA LIS\u00c4N\u00c4KYVYYS<\/h2>\t\t\t\t<\/div>\n\t\t\t\t<\/div>\n\t\t\t\t<div class=\"elementor-element elementor-element-65e122e2 elementor-widget elementor-widget-text-editor\" data-id=\"65e122e2\" data-element_type=\"widget\" data-e-type=\"widget\" data-widget_type=\"text-editor.default\">\n\t\t\t\t<div class=\"elementor-widget-container\">\n\t\t\t\t\t\t\t\t\t<p>Satakunnan Messut huolehtii tapahtumien markkinoinnista, mediayhteyksist\u00e4 ja tiedottamisesta. Voit hankkia lis\u00e4n\u00e4kyvyytt\u00e4 esimerkiksi erillisill\u00e4 yhteisty\u00f6paketeilla.<\/p>\t\t\t\t\t\t\t\t<\/div>\n\t\t\t\t<\/div>\n\t\t\t\t<div class=\"elementor-element elementor-element-23bc25ed elementor-widget elementor-widget-heading\" data-id=\"23bc25ed\" data-element_type=\"widget\" data-e-type=\"widget\" data-widget_type=\"heading.default\">\n\t\t\t\t<div class=\"elementor-widget-container\">\n\t\t\t\t\t<h2 class=\"elementor-heading-title elementor-size-default\">ESTEETT\u00d6MYYS<\/h2>\t\t\t\t<\/div>\n\t\t\t\t<\/div>\n\t\t\t\t<div class=\"elementor-element elementor-element-3073f3aa elementor-widget elementor-widget-text-editor\" data-id=\"3073f3aa\" data-element_type=\"widget\" data-e-type=\"widget\" data-widget_type=\"text-editor.default\">\n\t\t\t\t<div class=\"elementor-widget-container\">\n\t\t\t\t\t\t\t\t\t<p>Messujen n\u00e4yttelytilat on p\u00e4\u00e4s\u00e4\u00e4nt\u00f6isesti maan tasalla ja alueelta l\u00f6ytyy mm. invavessat.&nbsp;<span>Invapys\u00e4k\u00f6inti sijaitsee p\u00e4\u00e4sis\u00e4\u00e4nk\u00e4ynnin l\u00e4hell\u00e4.&nbsp;<\/span><\/p>\t\t\t\t\t\t\t\t<\/div>\n\t\t\t\t<\/div>\n\t\t\t\t<div class=\"elementor-element elementor-element-643f10ea elementor-widget elementor-widget-heading\" data-id=\"643f10ea\" data-element_type=\"widget\" data-e-type=\"widget\" data-widget_type=\"heading.default\">\n\t\t\t\t<div class=\"elementor-widget-container\">\n\t\t\t\t\t<h2 class=\"elementor-heading-title elementor-size-default\">TURVAllisuusohjeet<\/h2>\t\t\t\t<\/div>\n\t\t\t\t<\/div>\n\t\t\t\t<div class=\"elementor-element elementor-element-34643b83 elementor-widget elementor-widget-text-editor\" data-id=\"34643b83\" data-element_type=\"widget\" data-e-type=\"widget\" data-widget_type=\"text-editor.default\">\n\t\t\t\t<div class=\"elementor-widget-container\">\n\t\t\t\t\t\t\t\t\t<p><b>Paloturvallisuus<\/b><br \/>Paloturvallisuuden suhteen on noudatettava yleisi\u00e4 voimassa olevia paloturvallisuusohjeita sek\u00e4 n\u00e4yttelytilassa vaadittavia erikoisehtoja, jotka on selvitetty erikseen. Paloturvallisuutta mahdollisesti vaarantavien laitteiden esittelyyn on saatava paloviranomaisten ennakkolupa.<br \/><br \/><b>Ty\u00f6turvallisuus<\/b><br \/>Esityksiss\u00e4, ty\u00f6n\u00e4yt\u00f6ksiss\u00e4 tms. sek\u00e4 esitelt\u00e4ess\u00e4 koneita ja muita teknisi\u00e4 v\u00e4lineit\u00e4 on noudatettava ty\u00f6turvallisuuslain ja -asetusten vaatimuksia.<br \/><br \/><b>Esitelt\u00e4v\u00e4t koneet ja laitteet<\/b><br \/>N\u00e4ytteilleasettajan tulee huolehtia siit\u00e4, ett\u00e4 esitelt\u00e4ess\u00e4 koneita ja laitteita tapahtumassa ne t\u00e4ytt\u00e4v\u00e4t lain er\u00e4iden teknisten laitteiden vaatimustenmukaisuudesta (1016\/2004) sek\u00e4 valtioneuvoston asetuksen koneiden turvallisuudesta (400\/2008):<br \/>\u2013 Tuotteen turvallisuudessa ei ole ilmiselv\u00e4\u00e4 puutetta.<br \/>\u2013 Tuotteen mukana on asianmukaiset suomen- ja ruotsinkieliset ohjeet.<br \/>\u2013 Tuotteessa on vaatimustenmukaisuuden osoittava merkint\u00e4 ja siit\u00e4 on saatavissa vaatimustenmukaisuuden osoittavat asiakirjat, esimerkiksi; tuotteessa on CE-merkint\u00e4, tuotteen mukana on EY-vaatimustenmukaisuusvakuutus (suomen- ja ruotsinkielinen), koneen vaaroista varoittavat merkinn\u00e4t ovat suomen ja ruotsin kielell\u00e4 tai ilmaistuina helposti ymm\u00e4rrett\u00e4vin yksik\u00e4sitteisin symbolein tai kuvatunnuksin.<br \/>\u2013 Tuotteessa, joka ei n\u00e4yttelyvaiheessa t\u00e4yt\u00e4 kaikkia sit\u00e4 koskevia vaatimuksia, on siit\u00e4 ilmoitus esimerkiksi \u201dprototyyppi\u201d<br \/>tai \u201dkoneen toiminnan esittely ilman siihen kuuluvia suojarakenteita\u201d. Lis\u00e4ksi t\u00e4llaisen tuotteen n\u00e4ytteilleasettajan tulee huolehtia, ett\u00e4 tuote on turvallinen n\u00e4ytteill\u00e4 ollessaan.<br \/><br \/><b>Tupakointi<\/b><br \/>Tupakointi on kielletty tupakkalain (693\/1976) 5 luvun 12 \u00a7:n mukaisesti kaikkialla tapahtuman sis\u00e4tiloissa. My\u00f6s s\u00e4hk\u00f6tupakan k\u00e4ytt\u00f6 on kielletty. Kiellon noudattamista valvovat j\u00e4rjestyksenvalvojat. Tupakointi on sallittua ainoastaan ulkona sille merkityill\u00e4 paikoilla.<br \/><br \/><b>Ajoneuvot<\/b><br \/>Muulloin kuin tapahtuman aukioloaikoina sis\u00e4osastolla sijaitsevan ajoneuvon virran tulee olla katkaistuna p\u00e4\u00e4virtakytkimest\u00e4.<br \/><br \/><b>Avotuli<\/b><br \/>Avotulen k\u00e4ytt\u00f6 tapahtumissa on kielletty. Avotuleksi katsotaan tilanne, jossa tuli tai liekki palaa laitteen ulkopuolella kuten esim. kaasuliedet, keittimet, \u00f6ljylamput, kynttil\u00e4t tai vastaavat. J\u00e4rjest\u00e4j\u00e4 voi my\u00f6nt\u00e4\u00e4 poikkeusluvan, mik\u00e4li turvallisuusehtojen katsotaan t\u00e4yttyv\u00e4n. Poikkeuslupa voidaan my\u00f6nt\u00e4\u00e4, mik\u00e4li kyseess\u00e4 on hitsaus, polttoleikkaus, leikkaus tai muu vastaavanlainen esitys, josta aiheutuu kipin\u00f6inti\u00e4. Lupahakemus on toimitettava j\u00e4rjest\u00e4j\u00e4lle toiminta- ja turvarakenneselvityksineen 30 vuorokautta ennen tapahtuman alkamista.<br \/><br \/><b>Tulity\u00f6t<\/b><br \/>N\u00e4yttelytiloissa ei ole rakentamisaikaista vakituista tulity\u00f6paikkaa. Kaikki n\u00e4yttelytiloissa teht\u00e4v\u00e4t tulity\u00f6t ovat luvanvaraisia.<br \/>Tulity\u00f6luvan my\u00f6nt\u00e4\u00e4 j\u00e4rjest\u00e4j\u00e4n tekninen p\u00e4\u00e4llikk\u00f6, jolle tulee tehd\u00e4 selvitys asiasta. Tulity\u00f6ntekij\u00e4lt\u00e4 vaaditaan tulity\u00f6kortti. Tulit\u00f6iden osalta noudatetaan suojeluohjeita tulity\u00f6t sek\u00e4 kattotulity\u00f6t.<br \/><br \/><b>Kuluttajaturvallisuus<\/b><br \/>Kuluttajaturvallisuuslain (920\/2011) mukaisia kuluttajapalveluja tarjoavien n\u00e4ytteilleasettajien on laadittava toimintaansa koskeva turvallisuusasiakirja, joka sis\u00e4lt\u00e4\u00e4 suunnitelman vaarojen tunnistamiseksi ja riskien hallitsemiseksi sek\u00e4 niist\u00e4 tiedottamiseksi palvelun tarjoamisessa mukana oleville. N\u00e4ytteilleasettajan tuottaessa n\u00e4it\u00e4 kuluttajapalveluja n\u00e4yttelytiloissa on n\u00e4ytteilleasettajalla velvollisuus laatia turvallisuusasiakirja ja toimittaa se j\u00e4rjest\u00e4j\u00e4lle 30 vuorokautta ennen tapahtumaa.<br \/><br \/><b>El\u00e4imet n\u00e4yttelytiloissa<\/b><br \/>El\u00e4inten tuominen n\u00e4yttelytiloihin edellytt\u00e4\u00e4 aina ennakkoilmoitusta j\u00e4rjest\u00e4j\u00e4lle v\u00e4hint\u00e4\u00e4n 30 vuorokautta ennen tapahtumaa sek\u00e4 j\u00e4rjest\u00e4j\u00e4n kirjallista suostumusta. N\u00e4ytteilleasettaja vastaa el\u00e4imiin kohdistuvista viranomaism\u00e4\u00e4r\u00e4yksist\u00e4 sek\u00e4 el\u00e4inten turvallisesta ja asianmukaisesta esittelyst\u00e4 sek\u00e4 yleis\u00f6\u00f6n ett\u00e4 el\u00e4imiin n\u00e4hden. El\u00e4inten tulee olla yleis\u00f6tapahtumiin soveltuvia ja tottuneita. Kuljetettaessa el\u00e4imi\u00e4 n\u00e4yttelytiloissa on j\u00e4rjestelyist\u00e4 sovittava ennakkoon j\u00e4rjest\u00e4j\u00e4n kanssa.<br \/><br \/><\/p>\t\t\t\t\t\t\t\t<\/div>\n\t\t\t\t<\/div>\n\t\t\t\t<div class=\"elementor-element elementor-element-2a3129d4 elementor-widget elementor-widget-heading\" data-id=\"2a3129d4\" data-element_type=\"widget\" data-e-type=\"widget\" data-widget_type=\"heading.default\">\n\t\t\t\t<div class=\"elementor-widget-container\">\n\t\t\t\t\t<h2 class=\"elementor-heading-title elementor-size-default\">VARASTOINTI<\/h2>\t\t\t\t<\/div>\n\t\t\t\t<\/div>\n\t\t\t\t<div class=\"elementor-element elementor-element-16b714b elementor-widget elementor-widget-text-editor\" data-id=\"16b714b\" data-element_type=\"widget\" data-e-type=\"widget\" data-widget_type=\"text-editor.default\">\n\t\t\t\t<div class=\"elementor-widget-container\">\n\t\t\t\t\t\t\t\t\t<p>Messuilla ei ole varastointimahdollisuutta.<\/p>\t\t\t\t\t\t\t\t<\/div>\n\t\t\t\t<\/div>\n\t\t\t\t<div class=\"elementor-element elementor-element-33f36dc5 elementor-widget elementor-widget-heading\" data-id=\"33f36dc5\" data-element_type=\"widget\" data-e-type=\"widget\" data-widget_type=\"heading.default\">\n\t\t\t\t<div class=\"elementor-widget-container\">\n\t\t\t\t\t<h2 class=\"elementor-heading-title elementor-size-default\">RAVINTOLAPALVELUT<\/h2>\t\t\t\t<\/div>\n\t\t\t\t<\/div>\n\t\t\t\t<div class=\"elementor-element elementor-element-50c38ad elementor-widget elementor-widget-text-editor\" data-id=\"50c38ad\" data-element_type=\"widget\" data-e-type=\"widget\" data-widget_type=\"text-editor.default\">\n\t\t\t\t<div class=\"elementor-widget-container\">\n\t\t\t\t\t\t\t\t\t<p>Messualueelta l\u00f6ytyy ravintolapiste.<\/p>\t\t\t\t\t\t\t\t<\/div>\n\t\t\t\t<\/div>\n\t\t\t\t\t<\/div>\n\t\t<\/div>\n\t\t\t\t\t<\/div>\n\t\t<\/section>\n\t\t\t\t<\/div>\n\t\t","protected":false},"excerpt":{"rendered":"<p>ohjeita messurakentamiseen messutoimisto palvelee Henkil\u00f6kuntamme avustaa n\u00e4ytteilleasettajia kaikissa messuihin liittyviss\u00e4 asioissa. Satakunnan Rekrymessuilla messutoimisto sijaitsee sis\u00e4\u00e4nk\u00e4ynniss\u00e4. JANI HAANP\u00c4\u00c4Myyntijohtaja 045 677 8417jani.haanpaa@satakunnanviikko.fi EMILIA HAANP\u00c4\u00c4Myyntineuvottelija041 318 3589emilia.haanpaa@satakunnanviikko.fi TEE TILAUKSET AJOISSA Tarkistattehan hyviss\u00e4 ajoin, ett\u00e4 kaikki tarpeellinen &#8211; esim. p\u00f6yd\u00e4t, s\u00e4hk\u00f6t ja tuolit on tilattu osastollenne ennakkoon 4.11.2026 menness\u00e4.\u00a0 Rakentaminen Osastojen rakentaminen on sallittu KE 11.11. klo 9-10.30. [&hellip;]<\/p>\n","protected":false},"author":2,"featured_media":0,"parent":0,"menu_order":0,"comment_status":"closed","ping_status":"closed","template":"","meta":{"footnotes":""},"class_list":["post-171","page","type-page","status-publish","hentry"],"yoast_head":"<!-- This site is optimized with the Yoast SEO plugin v27.4 - https:\/\/yoast.com\/product\/yoast-seo-wordpress\/ -->\n<title>Messurakentajat - Rekrymessut 11.11.2026<\/title>\n<meta name=\"robots\" content=\"index, follow, max-snippet:-1, max-image-preview:large, max-video-preview:-1\" \/>\n<link rel=\"canonical\" href=\"https:\/\/satakunnanmessut.fi\/rekrymessut-marraskuu-2026\/messurakentajat\/\" \/>\n<meta property=\"og:locale\" content=\"fi_FI\" \/>\n<meta property=\"og:type\" content=\"article\" \/>\n<meta property=\"og:title\" content=\"Messurakentajat - Rekrymessut 11.11.2026\" \/>\n<meta property=\"og:description\" content=\"ohjeita messurakentamiseen messutoimisto palvelee Henkil\u00f6kuntamme avustaa n\u00e4ytteilleasettajia kaikissa messuihin liittyviss\u00e4 asioissa. Satakunnan Rekrymessuilla messutoimisto sijaitsee sis\u00e4\u00e4nk\u00e4ynniss\u00e4. JANI HAANP\u00c4\u00c4Myyntijohtaja 045 677 8417jani.haanpaa@satakunnanviikko.fi EMILIA HAANP\u00c4\u00c4Myyntineuvottelija041 318 3589emilia.haanpaa@satakunnanviikko.fi TEE TILAUKSET AJOISSA Tarkistattehan hyviss\u00e4 ajoin, ett\u00e4 kaikki tarpeellinen &#8211; esim. p\u00f6yd\u00e4t, s\u00e4hk\u00f6t ja tuolit on tilattu osastollenne ennakkoon 4.11.2026 menness\u00e4.\u00a0 Rakentaminen Osastojen rakentaminen on sallittu KE 11.11. klo 9-10.30. [&hellip;]\" \/>\n<meta property=\"og:url\" content=\"https:\/\/satakunnanmessut.fi\/rekrymessut-marraskuu-2026\/messurakentajat\/\" \/>\n<meta property=\"og:site_name\" content=\"Rekrymessut 11.11.2026\" \/>\n<meta property=\"article:modified_time\" content=\"2025-11-19T17:23:05+00:00\" \/>\n<meta name=\"twitter:card\" content=\"summary_large_image\" \/>\n<meta name=\"twitter:label1\" content=\"Arvioitu lukuaika\" \/>\n\t<meta name=\"twitter:data1\" content=\"4 minuuttia\" \/>\n<script type=\"application\/ld+json\" class=\"yoast-schema-graph\">{\"@context\":\"https:\\\/\\\/schema.org\",\"@graph\":[{\"@type\":\"WebPage\",\"@id\":\"https:\\\/\\\/satakunnanmessut.fi\\\/rekrymessut-marraskuu-2026\\\/messurakentajat\\\/\",\"url\":\"https:\\\/\\\/satakunnanmessut.fi\\\/rekrymessut-marraskuu-2026\\\/messurakentajat\\\/\",\"name\":\"Messurakentajat - Rekrymessut 11.11.2026\",\"isPartOf\":{\"@id\":\"https:\\\/\\\/satakunnanmessut.fi\\\/rekrymessut-marraskuu-2026\\\/#website\"},\"datePublished\":\"2022-11-22T12:25:55+00:00\",\"dateModified\":\"2025-11-19T17:23:05+00:00\",\"breadcrumb\":{\"@id\":\"https:\\\/\\\/satakunnanmessut.fi\\\/rekrymessut-marraskuu-2026\\\/messurakentajat\\\/#breadcrumb\"},\"inLanguage\":\"fi\",\"potentialAction\":[{\"@type\":\"ReadAction\",\"target\":[\"https:\\\/\\\/satakunnanmessut.fi\\\/rekrymessut-marraskuu-2026\\\/messurakentajat\\\/\"]}]},{\"@type\":\"BreadcrumbList\",\"@id\":\"https:\\\/\\\/satakunnanmessut.fi\\\/rekrymessut-marraskuu-2026\\\/messurakentajat\\\/#breadcrumb\",\"itemListElement\":[{\"@type\":\"ListItem\",\"position\":1,\"name\":\"Etusivu\",\"item\":\"https:\\\/\\\/satakunnanmessut.fi\\\/rekrymessut-marraskuu-2026\\\/\"},{\"@type\":\"ListItem\",\"position\":2,\"name\":\"Messurakentajat\"}]},{\"@type\":\"WebSite\",\"@id\":\"https:\\\/\\\/satakunnanmessut.fi\\\/rekrymessut-marraskuu-2026\\\/#website\",\"url\":\"https:\\\/\\\/satakunnanmessut.fi\\\/rekrymessut-marraskuu-2026\\\/\",\"name\":\"Rekrymessut 11.11.2026\",\"description\":\"Ty\u00f6paikkoja tarjoavien yritysten edustajia, sek\u00e4 tuoretta tietoa mm. eri alojen koulutuksista.\",\"potentialAction\":[{\"@type\":\"SearchAction\",\"target\":{\"@type\":\"EntryPoint\",\"urlTemplate\":\"https:\\\/\\\/satakunnanmessut.fi\\\/rekrymessut-marraskuu-2026\\\/?s={search_term_string}\"},\"query-input\":{\"@type\":\"PropertyValueSpecification\",\"valueRequired\":true,\"valueName\":\"search_term_string\"}}],\"inLanguage\":\"fi\"}]}<\/script>\n<!-- \/ Yoast SEO plugin. -->","yoast_head_json":{"title":"Messurakentajat - Rekrymessut 11.11.2026","robots":{"index":"index","follow":"follow","max-snippet":"max-snippet:-1","max-image-preview":"max-image-preview:large","max-video-preview":"max-video-preview:-1"},"canonical":"https:\/\/satakunnanmessut.fi\/rekrymessut-marraskuu-2026\/messurakentajat\/","og_locale":"fi_FI","og_type":"article","og_title":"Messurakentajat - Rekrymessut 11.11.2026","og_description":"ohjeita messurakentamiseen messutoimisto palvelee Henkil\u00f6kuntamme avustaa n\u00e4ytteilleasettajia kaikissa messuihin liittyviss\u00e4 asioissa. Satakunnan Rekrymessuilla messutoimisto sijaitsee sis\u00e4\u00e4nk\u00e4ynniss\u00e4. JANI HAANP\u00c4\u00c4Myyntijohtaja 045 677 8417jani.haanpaa@satakunnanviikko.fi EMILIA HAANP\u00c4\u00c4Myyntineuvottelija041 318 3589emilia.haanpaa@satakunnanviikko.fi TEE TILAUKSET AJOISSA Tarkistattehan hyviss\u00e4 ajoin, ett\u00e4 kaikki tarpeellinen &#8211; esim. p\u00f6yd\u00e4t, s\u00e4hk\u00f6t ja tuolit on tilattu osastollenne ennakkoon 4.11.2026 menness\u00e4.\u00a0 Rakentaminen Osastojen rakentaminen on sallittu KE 11.11. klo 9-10.30. [&hellip;]","og_url":"https:\/\/satakunnanmessut.fi\/rekrymessut-marraskuu-2026\/messurakentajat\/","og_site_name":"Rekrymessut 11.11.2026","article_modified_time":"2025-11-19T17:23:05+00:00","twitter_card":"summary_large_image","twitter_misc":{"Arvioitu lukuaika":"4 minuuttia"},"schema":{"@context":"https:\/\/schema.org","@graph":[{"@type":"WebPage","@id":"https:\/\/satakunnanmessut.fi\/rekrymessut-marraskuu-2026\/messurakentajat\/","url":"https:\/\/satakunnanmessut.fi\/rekrymessut-marraskuu-2026\/messurakentajat\/","name":"Messurakentajat - Rekrymessut 11.11.2026","isPartOf":{"@id":"https:\/\/satakunnanmessut.fi\/rekrymessut-marraskuu-2026\/#website"},"datePublished":"2022-11-22T12:25:55+00:00","dateModified":"2025-11-19T17:23:05+00:00","breadcrumb":{"@id":"https:\/\/satakunnanmessut.fi\/rekrymessut-marraskuu-2026\/messurakentajat\/#breadcrumb"},"inLanguage":"fi","potentialAction":[{"@type":"ReadAction","target":["https:\/\/satakunnanmessut.fi\/rekrymessut-marraskuu-2026\/messurakentajat\/"]}]},{"@type":"BreadcrumbList","@id":"https:\/\/satakunnanmessut.fi\/rekrymessut-marraskuu-2026\/messurakentajat\/#breadcrumb","itemListElement":[{"@type":"ListItem","position":1,"name":"Etusivu","item":"https:\/\/satakunnanmessut.fi\/rekrymessut-marraskuu-2026\/"},{"@type":"ListItem","position":2,"name":"Messurakentajat"}]},{"@type":"WebSite","@id":"https:\/\/satakunnanmessut.fi\/rekrymessut-marraskuu-2026\/#website","url":"https:\/\/satakunnanmessut.fi\/rekrymessut-marraskuu-2026\/","name":"Rekrymessut 11.11.2026","description":"Ty\u00f6paikkoja tarjoavien yritysten edustajia, sek\u00e4 tuoretta tietoa mm. eri alojen koulutuksista.","potentialAction":[{"@type":"SearchAction","target":{"@type":"EntryPoint","urlTemplate":"https:\/\/satakunnanmessut.fi\/rekrymessut-marraskuu-2026\/?s={search_term_string}"},"query-input":{"@type":"PropertyValueSpecification","valueRequired":true,"valueName":"search_term_string"}}],"inLanguage":"fi"}]}},"_links":{"self":[{"href":"https:\/\/satakunnanmessut.fi\/rekrymessut-marraskuu-2026\/wp-json\/wp\/v2\/pages\/171","targetHints":{"allow":["GET"]}}],"collection":[{"href":"https:\/\/satakunnanmessut.fi\/rekrymessut-marraskuu-2026\/wp-json\/wp\/v2\/pages"}],"about":[{"href":"https:\/\/satakunnanmessut.fi\/rekrymessut-marraskuu-2026\/wp-json\/wp\/v2\/types\/page"}],"author":[{"embeddable":true,"href":"https:\/\/satakunnanmessut.fi\/rekrymessut-marraskuu-2026\/wp-json\/wp\/v2\/users\/2"}],"replies":[{"embeddable":true,"href":"https:\/\/satakunnanmessut.fi\/rekrymessut-marraskuu-2026\/wp-json\/wp\/v2\/comments?post=171"}],"version-history":[{"count":0,"href":"https:\/\/satakunnanmessut.fi\/rekrymessut-marraskuu-2026\/wp-json\/wp\/v2\/pages\/171\/revisions"}],"wp:attachment":[{"href":"https:\/\/satakunnanmessut.fi\/rekrymessut-marraskuu-2026\/wp-json\/wp\/v2\/media?parent=171"}],"curies":[{"name":"wp","href":"https:\/\/api.w.org\/{rel}","templated":true}]}}