{"id":309,"date":"2022-09-19T12:13:30","date_gmt":"2022-09-19T09:13:30","guid":{"rendered":"https:\/\/uusi.satakunnanmessut.fi\/haamessut\/?page_id=309"},"modified":"2026-01-26T08:46:48","modified_gmt":"2026-01-26T06:46:48","slug":"messurakentajat","status":"publish","type":"page","link":"https:\/\/satakunnanmessut.fi\/haamessut\/messurakentajat\/","title":{"rendered":"Messurakentajat"},"content":{"rendered":"\t\t<div data-elementor-type=\"wp-page\" data-elementor-id=\"309\" class=\"elementor elementor-309\" data-elementor-post-type=\"page\">\n\t\t\t\t\t\t<section class=\"elementor-section elementor-top-section elementor-element elementor-element-606d42b2 elementor-section-boxed elementor-section-height-default elementor-section-height-default elementor-invisible\" data-id=\"606d42b2\" data-element_type=\"section\" data-e-type=\"section\" data-settings=\"{&quot;animation&quot;:&quot;fadeIn&quot;}\">\n\t\t\t\t\t\t<div class=\"elementor-container elementor-column-gap-default\">\n\t\t\t\t\t<div class=\"elementor-column elementor-col-100 elementor-top-column elementor-element elementor-element-66532295\" data-id=\"66532295\" data-element_type=\"column\" data-e-type=\"column\">\n\t\t\t<div class=\"elementor-widget-wrap elementor-element-populated\">\n\t\t\t\t\t\t<div class=\"elementor-element elementor-element-74a80ad7 elementor-widget elementor-widget-heading\" data-id=\"74a80ad7\" data-element_type=\"widget\" data-e-type=\"widget\" data-widget_type=\"heading.default\">\n\t\t\t\t<div class=\"elementor-widget-container\">\n\t\t\t\t\t<h1 class=\"elementor-heading-title elementor-size-default\">ohjeita messurakentamiseen<\/h1>\t\t\t\t<\/div>\n\t\t\t\t<\/div>\n\t\t\t\t<div class=\"elementor-element elementor-element-7990433d elementor-widget elementor-widget-heading\" data-id=\"7990433d\" data-element_type=\"widget\" data-e-type=\"widget\" data-widget_type=\"heading.default\">\n\t\t\t\t<div class=\"elementor-widget-container\">\n\t\t\t\t\t<h2 class=\"elementor-heading-title elementor-size-default\">messutoimisto palvelee<\/h2>\t\t\t\t<\/div>\n\t\t\t\t<\/div>\n\t\t\t\t<div class=\"elementor-element elementor-element-4d4c62a6 elementor-widget elementor-widget-text-editor\" data-id=\"4d4c62a6\" data-element_type=\"widget\" data-e-type=\"widget\" data-widget_type=\"text-editor.default\">\n\t\t\t\t<div class=\"elementor-widget-container\">\n\t\t\t\t\t\t\t\t\t<p>Henkil\u00f6kuntamme avustaa n\u00e4ytteilleasettajia kaikissa messuihin liittyviss\u00e4 asioissa. <br>Porin H\u00e4\u00e4messuilla messutoimisto on sis\u00e4\u00e4nk\u00e4ynnin yhteydess\u00e4.<\/p>\n<p><b>JANI HAANP\u00c4\u00c4<br><\/b>Myyntijohtaja <br>045 677 8417<br>jani.haanpaa@satakunnanviikko.fi<\/p>\n<p><strong>EMILIA HAANP\u00c4\u00c4<\/strong><br>Myyntineuvottelija<br>041 318 3589<br>emilia.haanpaa@satakunnanviikko.fi<\/p><p><span style=\"font-weight: 700;\">INKA-MARIA HALMINEN<\/span><br>Myyntineuvottelija<br>050 5441286<br>juhlavuokrauskimara@gmail.com<\/p>\t\t\t\t\t\t\t\t<\/div>\n\t\t\t\t<\/div>\n\t\t\t\t<div class=\"elementor-element elementor-element-5b127250 elementor-widget elementor-widget-heading\" data-id=\"5b127250\" data-element_type=\"widget\" data-e-type=\"widget\" data-widget_type=\"heading.default\">\n\t\t\t\t<div class=\"elementor-widget-container\">\n\t\t\t\t\t<h2 class=\"elementor-heading-title elementor-size-default\">TEE TILAUKSET AJOISSA<\/h2>\t\t\t\t<\/div>\n\t\t\t\t<\/div>\n\t\t\t\t<div class=\"elementor-element elementor-element-1d74c3fa elementor-widget elementor-widget-text-editor\" data-id=\"1d74c3fa\" data-element_type=\"widget\" data-e-type=\"widget\" data-widget_type=\"text-editor.default\">\n\t\t\t\t<div class=\"elementor-widget-container\">\n\t\t\t\t\t\t\t\t\t<p>Tarkistattehan hyviss\u00e4 ajoin, ett\u00e4 kaikki tarpeellinen &#8211; esim. s\u00e4hk\u00f6t, p\u00f6yd\u00e4t ja tuolit on tilattu osastollenne <strong>ennakkoon 18.1.2027 menness\u00e4.\u00a0<\/strong><\/p>\t\t\t\t\t\t\t\t<\/div>\n\t\t\t\t<\/div>\n\t\t\t\t<div class=\"elementor-element elementor-element-46229fd5 elementor-widget elementor-widget-heading\" data-id=\"46229fd5\" data-element_type=\"widget\" data-e-type=\"widget\" data-widget_type=\"heading.default\">\n\t\t\t\t<div class=\"elementor-widget-container\">\n\t\t\t\t\t<h2 class=\"elementor-heading-title elementor-size-default\">Rakentaminen<\/h2>\t\t\t\t<\/div>\n\t\t\t\t<\/div>\n\t\t\t\t<div class=\"elementor-element elementor-element-243a67c9 elementor-widget elementor-widget-text-editor\" data-id=\"243a67c9\" data-element_type=\"widget\" data-e-type=\"widget\" data-widget_type=\"text-editor.default\">\n\t\t\t\t<div class=\"elementor-widget-container\">\n\t\t\t\t\t\t\t\t\t<p><b>Rakennusajat: LAUANTAINA 30.1. KLO 12-17 JA SUNNUNTAINA 31.1. KLO 10-11.30.<\/b> <br \/>Huomioittehan, ett\u00e4 rakentamisen aloittaminen on sallittua vasta, kun koko paikkavuokran maksu on suoritettu.<\/p>\t\t\t\t\t\t\t\t<\/div>\n\t\t\t\t<\/div>\n\t\t\t\t<div class=\"elementor-element elementor-element-7bb2ad1d elementor-widget elementor-widget-heading\" data-id=\"7bb2ad1d\" data-element_type=\"widget\" data-e-type=\"widget\" data-widget_type=\"heading.default\">\n\t\t\t\t<div class=\"elementor-widget-container\">\n\t\t\t\t\t<h2 class=\"elementor-heading-title elementor-size-default\">PURKAMINEN<\/h2>\t\t\t\t<\/div>\n\t\t\t\t<\/div>\n\t\t\t\t<div class=\"elementor-element elementor-element-6be19f3a elementor-widget elementor-widget-text-editor\" data-id=\"6be19f3a\" data-element_type=\"widget\" data-e-type=\"widget\" data-widget_type=\"text-editor.default\">\n\t\t\t\t<div class=\"elementor-widget-container\">\n\t\t\t\t\t\t\t\t\t<p><b>Osastojen purkamisen saa aloittaa vasta messujen p\u00e4\u00e4tytty\u00e4 SUNNUNTAINA 31.1. KLO 17. Purkuaikaa on klo 19 asti.\u00a0<\/b><br \/>Kaikki rakenteet ja tavarat on poistettava halleista purkuajan p\u00e4\u00e4ttymiseen menness\u00e4.<\/p>\t\t\t\t\t\t\t\t<\/div>\n\t\t\t\t<\/div>\n\t\t\t\t<div class=\"elementor-element elementor-element-2e33adc3 elementor-widget elementor-widget-heading\" data-id=\"2e33adc3\" data-element_type=\"widget\" data-e-type=\"widget\" data-widget_type=\"heading.default\">\n\t\t\t\t<div class=\"elementor-widget-container\">\n\t\t\t\t\t<h2 class=\"elementor-heading-title elementor-size-default\">n\u00e4ytteilleasettajaKORTIT JA ASIAKASKUTSUT<\/h2>\t\t\t\t<\/div>\n\t\t\t\t<\/div>\n\t\t\t\t<div class=\"elementor-element elementor-element-4cf5dc1d elementor-widget elementor-widget-text-editor\" data-id=\"4cf5dc1d\" data-element_type=\"widget\" data-e-type=\"widget\" data-widget_type=\"text-editor.default\">\n\t\t\t\t<div class=\"elementor-widget-container\">\n\t\t\t\t\t\t\t\t\t<p>N\u00e4ytteilleasettajakortit toimivat osastohenkil\u00f6kunnan kulkulupina rakennus-, messu- ja purkuaikoina. Kortti on pidett\u00e4v\u00e4 n\u00e4kyvill\u00e4 messualueella liikuttaessa. Muista ottaa kortti saapuessasi rakentamaan.<\/p><p>N\u00e4ytteilleasettajakortit voi noutaa infosta rakentamaan saavuttaessa. N\u00e4ytteilleasettajakortteja maksutta kuuluu osastoihin seuraavasti: 4 neli\u00f6n osasto\/ 2 n\u00e4ytteilleasettajakorttia, 8 neli\u00f6n osasto\/ 3 n\u00e4ytteilleasettajakorttia, 16 neli\u00f6n osasto\/ 4 n\u00e4ytteilleasettajakorttia.<\/p><p>Pys\u00e4k\u00f6ith\u00e4n ainoastaan merkityille parkkipaikoille. Aluetta valvoo Porin kaupungin pys\u00e4k\u00f6inninvalvontatoimisto.\u00a0<\/p><p><b>Muista tilata asiakkaillesi kutsut messuille, ota yhteytt\u00e4 Satakunnan Messujen myyntii<\/b><\/p>\t\t\t\t\t\t\t\t<\/div>\n\t\t\t\t<\/div>\n\t\t\t\t<div class=\"elementor-element elementor-element-1b9d831f elementor-widget elementor-widget-heading\" data-id=\"1b9d831f\" data-element_type=\"widget\" data-e-type=\"widget\" data-widget_type=\"heading.default\">\n\t\t\t\t<div class=\"elementor-widget-container\">\n\t\t\t\t\t<h2 class=\"elementor-heading-title elementor-size-default\">VERKKOYHTEYDET<\/h2>\t\t\t\t<\/div>\n\t\t\t\t<\/div>\n\t\t\t\t<div class=\"elementor-element elementor-element-5ab8e2e elementor-widget elementor-widget-text-editor\" data-id=\"5ab8e2e\" data-element_type=\"widget\" data-e-type=\"widget\" data-widget_type=\"text-editor.default\">\n\t\t\t\t<div class=\"elementor-widget-container\">\n\t\t\t\t\t\t\t\t\t<p>Messualueella toimii langaton wifi-verkko, johon jaetaan salasana messutoimistosta.<\/p>\t\t\t\t\t\t\t\t<\/div>\n\t\t\t\t<\/div>\n\t\t\t\t<div class=\"elementor-element elementor-element-2627608 elementor-widget elementor-widget-heading\" data-id=\"2627608\" data-element_type=\"widget\" data-e-type=\"widget\" data-widget_type=\"heading.default\">\n\t\t\t\t<div class=\"elementor-widget-container\">\n\t\t\t\t\t<h2 class=\"elementor-heading-title elementor-size-default\">MEDIAPALVELUT JA LIS\u00c4N\u00c4KYVYYS<\/h2>\t\t\t\t<\/div>\n\t\t\t\t<\/div>\n\t\t\t\t<div class=\"elementor-element elementor-element-4424e1a9 elementor-widget elementor-widget-text-editor\" data-id=\"4424e1a9\" data-element_type=\"widget\" data-e-type=\"widget\" data-widget_type=\"text-editor.default\">\n\t\t\t\t<div class=\"elementor-widget-container\">\n\t\t\t\t\t\t\t\t\t<p>Satakunnan Messut huolehtii tapahtumien markkinoinnista, mediayhteyksist\u00e4 ja tiedottamisesta. Voit hankkia lis\u00e4n\u00e4kyvyytt\u00e4 esimerkiksi erillisill\u00e4 yhteisty\u00f6paketeilla.<\/p>\t\t\t\t\t\t\t\t<\/div>\n\t\t\t\t<\/div>\n\t\t\t\t<div class=\"elementor-element elementor-element-296b2bc7 elementor-widget elementor-widget-heading\" data-id=\"296b2bc7\" data-element_type=\"widget\" data-e-type=\"widget\" data-widget_type=\"heading.default\">\n\t\t\t\t<div class=\"elementor-widget-container\">\n\t\t\t\t\t<h2 class=\"elementor-heading-title elementor-size-default\">ESTEETT\u00d6MYYS<\/h2>\t\t\t\t<\/div>\n\t\t\t\t<\/div>\n\t\t\t\t<div class=\"elementor-element elementor-element-78a4a1a3 elementor-widget elementor-widget-text-editor\" data-id=\"78a4a1a3\" data-element_type=\"widget\" data-e-type=\"widget\" data-widget_type=\"text-editor.default\">\n\t\t\t\t<div class=\"elementor-widget-container\">\n\t\t\t\t\t\t\t\t\t<p>Messujen n\u00e4yttelytilat on p\u00e4\u00e4s\u00e4\u00e4nt\u00f6isesti maan tasalla ja alueelta l\u00f6ytyy mm. invavessat.\u00a0<span>Invapys\u00e4k\u00f6inti sijaitsee p\u00e4\u00e4sis\u00e4\u00e4nk\u00e4ynnin l\u00e4hell\u00e4.<\/span><\/p>\t\t\t\t\t\t\t\t<\/div>\n\t\t\t\t<\/div>\n\t\t\t\t<div class=\"elementor-element elementor-element-772a2cb2 elementor-widget elementor-widget-heading\" data-id=\"772a2cb2\" data-element_type=\"widget\" data-e-type=\"widget\" data-widget_type=\"heading.default\">\n\t\t\t\t<div class=\"elementor-widget-container\">\n\t\t\t\t\t<h2 class=\"elementor-heading-title elementor-size-default\">TURVallisuusohjeet<\/h2>\t\t\t\t<\/div>\n\t\t\t\t<\/div>\n\t\t\t\t<div class=\"elementor-element elementor-element-239b01f0 elementor-widget elementor-widget-text-editor\" data-id=\"239b01f0\" data-element_type=\"widget\" data-e-type=\"widget\" data-widget_type=\"text-editor.default\">\n\t\t\t\t<div class=\"elementor-widget-container\">\n\t\t\t\t\t\t\t\t\t<p><b>Paloturvallisuus<\/b><br>Paloturvallisuuden suhteen on noudatettava yleisi\u00e4 voimassa olevia paloturvallisuusohjeita sek\u00e4 n\u00e4yttelytilassa vaadittavia erikoisehtoja, jotka on selvitetty erikseen. Paloturvallisuutta mahdollisesti vaarantavien laitteiden esittelyyn on saatava paloviranomaisten ennakkolupa.<\/p>\n<p><b>Ty\u00f6turvallisuus<\/b><br>Esityksiss\u00e4, ty\u00f6n\u00e4yt\u00f6ksiss\u00e4 tms. sek\u00e4 esitelt\u00e4ess\u00e4 koneita ja muita teknisi\u00e4 v\u00e4lineit\u00e4 on noudatettava ty\u00f6turvallisuuslain ja -asetusten vaatimuksia.<\/p>\n<p><b>Esitelt\u00e4v\u00e4t koneet ja laitteet<\/b><br>N\u00e4ytteilleasettajan tulee huolehtia siit\u00e4, ett\u00e4 esitelt\u00e4ess\u00e4 koneita ja laitteita tapahtumassa ne t\u00e4ytt\u00e4v\u00e4t lain er\u00e4iden teknisten laitteiden vaatimustenmukaisuudesta (1016\/2004) sek\u00e4 valtioneuvoston asetuksen koneiden turvallisuudesta (400\/2008):<br>\u2013 Tuotteen turvallisuudessa ei ole ilmiselv\u00e4\u00e4 puutetta.<br>\u2013 Tuotteen mukana on asianmukaiset suomen- ja ruotsinkieliset ohjeet.<br>\u2013 Tuotteessa on vaatimustenmukaisuuden osoittava merkint\u00e4 ja siit\u00e4 on saatavissa vaatimustenmukaisuuden osoittavat asiakirjat, esimerkiksi; tuotteessa on CE-merkint\u00e4, tuotteen mukana on EY-vaatimustenmukaisuusvakuutus (suomen- ja ruotsinkielinen), koneen vaaroista varoittavat merkinn\u00e4t ovat suomen ja ruotsin kielell\u00e4 tai ilmaistuina helposti ymm\u00e4rrett\u00e4vin yksik\u00e4sitteisin symbolein tai kuvatunnuksin.<br>\u2013 Tuotteessa, joka ei n\u00e4yttelyvaiheessa t\u00e4yt\u00e4 kaikkia sit\u00e4 koskevia vaatimuksia, on siit\u00e4 ilmoitus esimerkiksi \u201dprototyyppi\u201d<br>tai \u201dkoneen toiminnan esittely ilman siihen kuuluvia suojarakenteita\u201d. Lis\u00e4ksi t\u00e4llaisen tuotteen n\u00e4ytteilleasettajan tulee huolehtia, ett\u00e4 tuote on turvallinen n\u00e4ytteill\u00e4 ollessaan.<\/p>\n<p><b>Tupakointi<\/b><br>Tupakointi on kielletty tupakkalain (693\/1976) 5 luvun 12 \u00a7:n mukaisesti kaikkialla tapahtuman sis\u00e4tiloissa. My\u00f6s s\u00e4hk\u00f6tupakan k\u00e4ytt\u00f6 on kielletty. Kiellon noudattamista valvovat j\u00e4rjestyksenvalvojat. Tupakointi on sallittua ainoastaan ulkona sille merkityill\u00e4 paikoilla.<\/p>\n<p><b>Ajoneuvot<\/b><br>Muulloin kuin tapahtuman aukioloaikoina sis\u00e4osastolla sijaitsevan ajoneuvon virran tulee olla katkaistuna p\u00e4\u00e4virtakytkimest\u00e4.<\/p>\n<p><b>Avotuli<\/b><br>Avotulen k\u00e4ytt\u00f6 tapahtumissa on kielletty. Avotuleksi katsotaan tilanne, jossa tuli tai liekki palaa laitteen ulkopuolella kuten esim. kaasuliedet, keittimet, \u00f6ljylamput, kynttil\u00e4t tai vastaavat. J\u00e4rjest\u00e4j\u00e4 voi my\u00f6nt\u00e4\u00e4 poikkeusluvan, mik\u00e4li turvallisuusehtojen katsotaan t\u00e4yttyv\u00e4n. Poikkeuslupa voidaan my\u00f6nt\u00e4\u00e4, mik\u00e4li kyseess\u00e4 on hitsaus, polttoleikkaus, leikkaus tai muu vastaavanlainen esitys, josta aiheutuu kipin\u00f6inti\u00e4. Lupahakemus on toimitettava j\u00e4rjest\u00e4j\u00e4lle toiminta- ja turvarakenneselvityksineen 30 vuorokautta ennen tapahtuman alkamista.<\/p>\n<p><b>Tulity\u00f6t<\/b><br>N\u00e4yttelytiloissa ei ole rakentamisaikaista vakituista tulity\u00f6paikkaa. Kaikki n\u00e4yttelytiloissa teht\u00e4v\u00e4t tulity\u00f6t ovat luvanvaraisia.<br>Tulity\u00f6luvan my\u00f6nt\u00e4\u00e4 j\u00e4rjest\u00e4j\u00e4n tekninen p\u00e4\u00e4llikk\u00f6, jolle tulee tehd\u00e4 selvitys asiasta. Tulity\u00f6ntekij\u00e4lt\u00e4 vaaditaan tulity\u00f6kortti. Tulit\u00f6iden osalta noudatetaan suojeluohjeita tulity\u00f6t sek\u00e4 kattotulity\u00f6t.<\/p>\n<p><b>Kuluttajaturvallisuus<\/b><br>Kuluttajaturvallisuuslain (920\/2011) mukaisia kuluttajapalveluja tarjoavien n\u00e4ytteilleasettajien on laadittava toimintaansa koskeva turvallisuusasiakirja, joka sis\u00e4lt\u00e4\u00e4 suunnitelman vaarojen tunnistamiseksi ja riskien hallitsemiseksi sek\u00e4 niist\u00e4 tiedottamiseksi palvelun tarjoamisessa mukana oleville. N\u00e4ytteilleasettajan tuottaessa n\u00e4it\u00e4 kuluttajapalveluja n\u00e4yttelytiloissa on n\u00e4ytteilleasettajalla velvollisuus laatia turvallisuusasiakirja ja toimittaa se j\u00e4rjest\u00e4j\u00e4lle 30 vuorokautta ennen tapahtumaa.<\/p>\n<p><b>El\u00e4imet n\u00e4yttelytiloissa<\/b><br>El\u00e4inten tuominen n\u00e4yttelytiloihin edellytt\u00e4\u00e4 aina ennakkoilmoitusta j\u00e4rjest\u00e4j\u00e4lle v\u00e4hint\u00e4\u00e4n 30 vuorokautta ennen tapahtumaa sek\u00e4 j\u00e4rjest\u00e4j\u00e4n kirjallista suostumusta. N\u00e4ytteilleasettaja vastaa el\u00e4imiin kohdistuvista viranomaism\u00e4\u00e4r\u00e4yksist\u00e4 sek\u00e4 el\u00e4inten turvallisesta ja asianmukaisesta esittelyst\u00e4 sek\u00e4 yleis\u00f6\u00f6n ett\u00e4 el\u00e4imiin n\u00e4hden. El\u00e4inten tulee olla yleis\u00f6tapahtumiin soveltuvia ja tottuneita. Kuljetettaessa el\u00e4imi\u00e4 n\u00e4yttelytiloissa on j\u00e4rjestelyist\u00e4 sovittava ennakkoon j\u00e4rjest\u00e4j\u00e4n kanssa.<br><\/p>\t\t\t\t\t\t\t\t<\/div>\n\t\t\t\t<\/div>\n\t\t\t\t<div class=\"elementor-element elementor-element-4504b1f3 elementor-widget elementor-widget-heading\" data-id=\"4504b1f3\" data-element_type=\"widget\" data-e-type=\"widget\" data-widget_type=\"heading.default\">\n\t\t\t\t<div class=\"elementor-widget-container\">\n\t\t\t\t\t<h2 class=\"elementor-heading-title elementor-size-default\">VARASTOINTI<\/h2>\t\t\t\t<\/div>\n\t\t\t\t<\/div>\n\t\t\t\t<div class=\"elementor-element elementor-element-3d7832f3 elementor-widget elementor-widget-text-editor\" data-id=\"3d7832f3\" data-element_type=\"widget\" data-e-type=\"widget\" data-widget_type=\"text-editor.default\">\n\t\t\t\t<div class=\"elementor-widget-container\">\n\t\t\t\t\t\t\t\t\t<p>Messupaikalla ei ole varastointitilaa.<\/p>\t\t\t\t\t\t\t\t<\/div>\n\t\t\t\t<\/div>\n\t\t\t\t<div class=\"elementor-element elementor-element-2e9e93a8 elementor-widget elementor-widget-heading\" data-id=\"2e9e93a8\" data-element_type=\"widget\" data-e-type=\"widget\" data-widget_type=\"heading.default\">\n\t\t\t\t<div class=\"elementor-widget-container\">\n\t\t\t\t\t<h2 class=\"elementor-heading-title elementor-size-default\">RAVINTOLAPALVELUT<\/h2>\t\t\t\t<\/div>\n\t\t\t\t<\/div>\n\t\t\t\t<div class=\"elementor-element elementor-element-33d9da2b elementor-widget elementor-widget-text-editor\" data-id=\"33d9da2b\" data-element_type=\"widget\" data-e-type=\"widget\" data-widget_type=\"text-editor.default\">\n\t\t\t\t<div class=\"elementor-widget-container\">\n\t\t\t\t\t\t\t\t\t<p>Messualueelta l\u00f6ytyy ravintolapiste.<\/p>\t\t\t\t\t\t\t\t<\/div>\n\t\t\t\t<\/div>\n\t\t\t\t\t<\/div>\n\t\t<\/div>\n\t\t\t\t\t<\/div>\n\t\t<\/section>\n\t\t\t\t<\/div>\n\t\t","protected":false},"excerpt":{"rendered":"<p>ohjeita messurakentamiseen messutoimisto palvelee Henkil\u00f6kuntamme avustaa n\u00e4ytteilleasettajia kaikissa messuihin liittyviss\u00e4 asioissa. Porin H\u00e4\u00e4messuilla messutoimisto on sis\u00e4\u00e4nk\u00e4ynnin yhteydess\u00e4. JANI HAANP\u00c4\u00c4Myyntijohtaja 045 677 8417jani.haanpaa@satakunnanviikko.fi EMILIA HAANP\u00c4\u00c4Myyntineuvottelija041 318 3589emilia.haanpaa@satakunnanviikko.fi INKA-MARIA HALMINENMyyntineuvottelija050 5441286juhlavuokrauskimara@gmail.com TEE TILAUKSET AJOISSA Tarkistattehan hyviss\u00e4 ajoin, ett\u00e4 kaikki tarpeellinen &#8211; esim. s\u00e4hk\u00f6t, p\u00f6yd\u00e4t ja tuolit on tilattu osastollenne ennakkoon 18.1.2027 menness\u00e4.\u00a0 Rakentaminen Rakennusajat: LAUANTAINA 30.1. KLO [&hellip;]<\/p>\n","protected":false},"author":2,"featured_media":0,"parent":0,"menu_order":0,"comment_status":"closed","ping_status":"closed","template":"","meta":{"footnotes":""},"class_list":["post-309","page","type-page","status-publish","hentry"],"yoast_head":"<!-- This site is optimized with the Yoast SEO plugin v27.4 - https:\/\/yoast.com\/product\/yoast-seo-wordpress\/ -->\n<title>Messurakentajat - H\u00e4\u00e4messut<\/title>\n<meta name=\"robots\" content=\"index, follow, max-snippet:-1, max-image-preview:large, max-video-preview:-1\" \/>\n<link rel=\"canonical\" href=\"https:\/\/satakunnanmessut.fi\/haamessut\/messurakentajat\/\" \/>\n<meta property=\"og:locale\" content=\"fi_FI\" \/>\n<meta property=\"og:type\" content=\"article\" \/>\n<meta property=\"og:title\" content=\"Messurakentajat - H\u00e4\u00e4messut\" \/>\n<meta property=\"og:description\" content=\"ohjeita messurakentamiseen messutoimisto palvelee Henkil\u00f6kuntamme avustaa n\u00e4ytteilleasettajia kaikissa messuihin liittyviss\u00e4 asioissa. Porin H\u00e4\u00e4messuilla messutoimisto on sis\u00e4\u00e4nk\u00e4ynnin yhteydess\u00e4. JANI HAANP\u00c4\u00c4Myyntijohtaja 045 677 8417jani.haanpaa@satakunnanviikko.fi EMILIA HAANP\u00c4\u00c4Myyntineuvottelija041 318 3589emilia.haanpaa@satakunnanviikko.fi INKA-MARIA HALMINENMyyntineuvottelija050 5441286juhlavuokrauskimara@gmail.com TEE TILAUKSET AJOISSA Tarkistattehan hyviss\u00e4 ajoin, ett\u00e4 kaikki tarpeellinen &#8211; esim. s\u00e4hk\u00f6t, p\u00f6yd\u00e4t ja tuolit on tilattu osastollenne ennakkoon 18.1.2027 menness\u00e4.\u00a0 Rakentaminen Rakennusajat: LAUANTAINA 30.1. KLO [&hellip;]\" \/>\n<meta property=\"og:url\" content=\"https:\/\/satakunnanmessut.fi\/haamessut\/messurakentajat\/\" \/>\n<meta property=\"og:site_name\" content=\"H\u00e4\u00e4messut\" \/>\n<meta property=\"article:modified_time\" content=\"2026-01-26T06:46:48+00:00\" \/>\n<meta name=\"twitter:card\" content=\"summary_large_image\" \/>\n<meta name=\"twitter:label1\" content=\"Arvioitu lukuaika\" \/>\n\t<meta name=\"twitter:data1\" content=\"4 minuuttia\" \/>\n<script type=\"application\/ld+json\" class=\"yoast-schema-graph\">{\"@context\":\"https:\\\/\\\/schema.org\",\"@graph\":[{\"@type\":\"WebPage\",\"@id\":\"https:\\\/\\\/satakunnanmessut.fi\\\/haamessut\\\/messurakentajat\\\/\",\"url\":\"https:\\\/\\\/satakunnanmessut.fi\\\/haamessut\\\/messurakentajat\\\/\",\"name\":\"Messurakentajat - H\u00e4\u00e4messut\",\"isPartOf\":{\"@id\":\"https:\\\/\\\/satakunnanmessut.fi\\\/haamessut\\\/#website\"},\"datePublished\":\"2022-09-19T09:13:30+00:00\",\"dateModified\":\"2026-01-26T06:46:48+00:00\",\"breadcrumb\":{\"@id\":\"https:\\\/\\\/satakunnanmessut.fi\\\/haamessut\\\/messurakentajat\\\/#breadcrumb\"},\"inLanguage\":\"fi\",\"potentialAction\":[{\"@type\":\"ReadAction\",\"target\":[\"https:\\\/\\\/satakunnanmessut.fi\\\/haamessut\\\/messurakentajat\\\/\"]}]},{\"@type\":\"BreadcrumbList\",\"@id\":\"https:\\\/\\\/satakunnanmessut.fi\\\/haamessut\\\/messurakentajat\\\/#breadcrumb\",\"itemListElement\":[{\"@type\":\"ListItem\",\"position\":1,\"name\":\"Etusivu\",\"item\":\"https:\\\/\\\/satakunnanmessut.fi\\\/haamessut\\\/\"},{\"@type\":\"ListItem\",\"position\":2,\"name\":\"Messurakentajat\"}]},{\"@type\":\"WebSite\",\"@id\":\"https:\\\/\\\/satakunnanmessut.fi\\\/haamessut\\\/#website\",\"url\":\"https:\\\/\\\/satakunnanmessut.fi\\\/haamessut\\\/\",\"name\":\"H\u00e4\u00e4messut\",\"description\":\"Inspiroivia ideoita el\u00e4m\u00e4si juhliin ja vinkkej\u00e4 my\u00f6s arjen hyvinvointiin.\",\"potentialAction\":[{\"@type\":\"SearchAction\",\"target\":{\"@type\":\"EntryPoint\",\"urlTemplate\":\"https:\\\/\\\/satakunnanmessut.fi\\\/haamessut\\\/?s={search_term_string}\"},\"query-input\":{\"@type\":\"PropertyValueSpecification\",\"valueRequired\":true,\"valueName\":\"search_term_string\"}}],\"inLanguage\":\"fi\"}]}<\/script>\n<!-- \/ Yoast SEO plugin. -->","yoast_head_json":{"title":"Messurakentajat - H\u00e4\u00e4messut","robots":{"index":"index","follow":"follow","max-snippet":"max-snippet:-1","max-image-preview":"max-image-preview:large","max-video-preview":"max-video-preview:-1"},"canonical":"https:\/\/satakunnanmessut.fi\/haamessut\/messurakentajat\/","og_locale":"fi_FI","og_type":"article","og_title":"Messurakentajat - H\u00e4\u00e4messut","og_description":"ohjeita messurakentamiseen messutoimisto palvelee Henkil\u00f6kuntamme avustaa n\u00e4ytteilleasettajia kaikissa messuihin liittyviss\u00e4 asioissa. Porin H\u00e4\u00e4messuilla messutoimisto on sis\u00e4\u00e4nk\u00e4ynnin yhteydess\u00e4. JANI HAANP\u00c4\u00c4Myyntijohtaja 045 677 8417jani.haanpaa@satakunnanviikko.fi EMILIA HAANP\u00c4\u00c4Myyntineuvottelija041 318 3589emilia.haanpaa@satakunnanviikko.fi INKA-MARIA HALMINENMyyntineuvottelija050 5441286juhlavuokrauskimara@gmail.com TEE TILAUKSET AJOISSA Tarkistattehan hyviss\u00e4 ajoin, ett\u00e4 kaikki tarpeellinen &#8211; esim. s\u00e4hk\u00f6t, p\u00f6yd\u00e4t ja tuolit on tilattu osastollenne ennakkoon 18.1.2027 menness\u00e4.\u00a0 Rakentaminen Rakennusajat: LAUANTAINA 30.1. KLO [&hellip;]","og_url":"https:\/\/satakunnanmessut.fi\/haamessut\/messurakentajat\/","og_site_name":"H\u00e4\u00e4messut","article_modified_time":"2026-01-26T06:46:48+00:00","twitter_card":"summary_large_image","twitter_misc":{"Arvioitu lukuaika":"4 minuuttia"},"schema":{"@context":"https:\/\/schema.org","@graph":[{"@type":"WebPage","@id":"https:\/\/satakunnanmessut.fi\/haamessut\/messurakentajat\/","url":"https:\/\/satakunnanmessut.fi\/haamessut\/messurakentajat\/","name":"Messurakentajat - H\u00e4\u00e4messut","isPartOf":{"@id":"https:\/\/satakunnanmessut.fi\/haamessut\/#website"},"datePublished":"2022-09-19T09:13:30+00:00","dateModified":"2026-01-26T06:46:48+00:00","breadcrumb":{"@id":"https:\/\/satakunnanmessut.fi\/haamessut\/messurakentajat\/#breadcrumb"},"inLanguage":"fi","potentialAction":[{"@type":"ReadAction","target":["https:\/\/satakunnanmessut.fi\/haamessut\/messurakentajat\/"]}]},{"@type":"BreadcrumbList","@id":"https:\/\/satakunnanmessut.fi\/haamessut\/messurakentajat\/#breadcrumb","itemListElement":[{"@type":"ListItem","position":1,"name":"Etusivu","item":"https:\/\/satakunnanmessut.fi\/haamessut\/"},{"@type":"ListItem","position":2,"name":"Messurakentajat"}]},{"@type":"WebSite","@id":"https:\/\/satakunnanmessut.fi\/haamessut\/#website","url":"https:\/\/satakunnanmessut.fi\/haamessut\/","name":"H\u00e4\u00e4messut","description":"Inspiroivia ideoita el\u00e4m\u00e4si juhliin ja vinkkej\u00e4 my\u00f6s arjen hyvinvointiin.","potentialAction":[{"@type":"SearchAction","target":{"@type":"EntryPoint","urlTemplate":"https:\/\/satakunnanmessut.fi\/haamessut\/?s={search_term_string}"},"query-input":{"@type":"PropertyValueSpecification","valueRequired":true,"valueName":"search_term_string"}}],"inLanguage":"fi"}]}},"_links":{"self":[{"href":"https:\/\/satakunnanmessut.fi\/haamessut\/wp-json\/wp\/v2\/pages\/309","targetHints":{"allow":["GET"]}}],"collection":[{"href":"https:\/\/satakunnanmessut.fi\/haamessut\/wp-json\/wp\/v2\/pages"}],"about":[{"href":"https:\/\/satakunnanmessut.fi\/haamessut\/wp-json\/wp\/v2\/types\/page"}],"author":[{"embeddable":true,"href":"https:\/\/satakunnanmessut.fi\/haamessut\/wp-json\/wp\/v2\/users\/2"}],"replies":[{"embeddable":true,"href":"https:\/\/satakunnanmessut.fi\/haamessut\/wp-json\/wp\/v2\/comments?post=309"}],"version-history":[{"count":0,"href":"https:\/\/satakunnanmessut.fi\/haamessut\/wp-json\/wp\/v2\/pages\/309\/revisions"}],"wp:attachment":[{"href":"https:\/\/satakunnanmessut.fi\/haamessut\/wp-json\/wp\/v2\/media?parent=309"}],"curies":[{"name":"wp","href":"https:\/\/api.w.org\/{rel}","templated":true}]}}